{"id":1245,"date":"2015-02-25T16:01:18","date_gmt":"2015-02-25T16:01:18","guid":{"rendered":"http:\/\/www.controln.ro\/asociatia-culturala\/?page_id=1245"},"modified":"2016-07-28T13:55:06","modified_gmt":"2016-07-28T13:55:06","slug":"radujude","status":"publish","type":"page","link":"https:\/\/www.controln.ro\/asociatia-culturala\/masterclass\/regie-de-film\/radujude\/","title":{"rendered":"radu jude"},"content":{"rendered":"<div class=\"margini\">\n<div class=\"verde\">\n<strong>MASTERCLASS DE REGIE DE FILM CU RADU JUDE<\/strong><\/p>\n<p><strong><a href=\"http:\/\/www.controln.ro\/asociatia-culturala\/wp-content\/uploads\/2015\/02\/20.jpg\"><img decoding=\"async\" class=\"alignright size-medium wp-image-1274\" alt=\"20\" src=\"http:\/\/www.controln.ro\/asociatia-culturala\/wp-content\/uploads\/2015\/02\/20-211x300.jpg\" width=\"211\" height=\"300\" srcset=\"https:\/\/www.controln.ro\/asociatia-culturala\/wp-content\/uploads\/2015\/02\/20-211x300.jpg 211w, https:\/\/www.controln.ro\/asociatia-culturala\/wp-content\/uploads\/2015\/02\/20.jpg 595w\" sizes=\"(max-width: 211px) 100vw, 211px\" \/><\/a><\/strong><\/p>\n<p>Ce \u00eenseamn\u0103 g\u00e2ndirea \u00een regia de film de fic\u021biune? Cum se interpreteaz\u0103 un text dramaturgic? Cum se g\u00e2nde\u0219te punerea \u00een scen\u0103 \u00een cinema? Cum se lucreaz\u0103 cu actorii? Cum se lucreaz\u0103 cu aparatul de filmat? Cum se editeaz\u0103 o scen\u0103?<br \/>\nToate aceste \u00eentreb\u0103ri, al\u0103turi de multe altele, \u00ee\u0219i vor g\u0103si r\u0103spunsul \u00een cadrul Masterclass-ului de Regie de Film, organizat de Asocia\u021bia Cultural\u0103 Control N.<br \/>\nRegizorul Radu Jude \u00ee\u0219i propune un atelier de regie interactiv, \u00een care participan\u021bii sunt invita\u021bi s\u0103 vin\u0103 cu propriile idei \u0219i op\u021biuni, s\u0103 \u00ee\u0219i pun\u0103 probleme specifice unui regizor \u0219i s\u0103 g\u0103seasc\u0103 posibile r\u0103spunsuri.<\/p>\n<p>Masterclass-ul are o component\u0103 practic\u0103. Participan\u021bii vor lucra aplicat \u00een cadrul unor exerci\u021bii de regie.<\/p>\n<p><strong>RADU JUDE<\/strong><\/p>\n<p>N\u0103scut \u00een 1977, Radu Jude a absolvit, \u00een 2003, Universitatea Media. A lucrat un timp ca asistent de regie.<br \/>\nA regizat scurt metrajele &#8220;Lampa cu Caciula&#8221; (2006) &#8211; c\u00e2\u0219tig\u0103tor a peste 30 de premii interna\u021bionale la Sundance, San Francisco, Los Angeles, Uppsala etc.), &#8220;Alexandra&#8221; (2007) &#8211; selectat la Cleremont-Ferrand, premiat la Oberhausen) \u0219i peste 150 de spoturi publicitare.<br \/>\n\u00cen 2009 a regizat lung metrajul &#8220;Cea mai fericit\u0103 fat\u0103 din lume&#8221;, selectat la Berlinale Forum 2009 (premiul CICAE) \u0219i la festivaluri precum cele din Toronto, New York, Salonic, Sarajevo \u0219i Londra, printre alte 50. Filmul a fost distribuit \u00een cinematografele din Fran\u021ba, Marea Britanie, Austria \u0219i Spania.<br \/>\nA produs \u0219i regizat filmul independent &#8220;Film pentru prieteni&#8221;, \u00een 2011.<br \/>\nA regizat filmul de lung metraj &#8220;Toata lumea din familia noastr\u0103&#8221; (2012) care a avut premiera la Berlinale Forum, a primit marele premiu la Festivalul de Film de la Sarajevo, a fost selectat la Festivalul de Film de la Londra \u0219i a fost distribuit, printre altele, \u00een Olanda \u0219i Ungaria.<br \/>\nScurt metrajul s\u0103u &#8220;O umbr\u0103 de nor&#8221; (2013) a fost selectat \u00een sec\u021biunea Quinzaine des Realisateurs a Festivalului de Film de la Cannes.<br \/>\nScurt metrajul &#8220;Trece \u0219i prin perete&#8221; (2014) a primit men\u021biunea special\u0103 a juriului de la Cannes \u00een sectiunea Quinazine des Realisateurs \u00een 2014.<br \/>\nAl treilea film de lung metraj al regizorului, &#8220;Aferim! &#8221; a primit Ursul de Argint pentru cea mai bun\u0103 regie la Festivalul de film de la Berlin.<br \/>\n\u00cen prezent, Radu Jude e \u00een pre-produc\u021bie cu lung metrajul &#8220;Inimi Cicatrizate&#8221;, o adaptare dup\u0103 romanul lui Max Blecher.<\/p>\n<p><strong>Cele trei \u00eent\u00e2lniri din cadrul masterclass-ului vor avea loc \u00een zilele de\u00a02, 9 \u0219i 16 aprilie 2015.<\/strong>\n<\/div>\n<\/div>\n","protected":false},"excerpt":{"rendered":"<p>MASTERCLASS DE REGIE DE FILM CU RADU JUDE Ce \u00eenseamn\u0103 g\u00e2ndirea \u00een regia de film de fic\u021biune? Cum se interpreteaz\u0103 un text dramaturgic? Cum se g\u00e2nde\u0219te punerea \u00een scen\u0103 \u00een cinema? Cum se lucreaz\u0103 cu actorii? Cum se lucreaz\u0103 cu [&hellip;]<\/p>\n","protected":false},"author":2,"featured_media":0,"parent":279,"menu_order":0,"comment_status":"closed","ping_status":"closed","template":"side-navigation.php","meta":{"footnotes":""},"class_list":["post-1245","page","type-page","status-publish","hentry"],"jetpack_sharing_enabled":true,"_links":{"self":[{"href":"https:\/\/www.controln.ro\/asociatia-culturala\/wp-json\/wp\/v2\/pages\/1245","targetHints":{"allow":["GET"]}}],"collection":[{"href":"https:\/\/www.controln.ro\/asociatia-culturala\/wp-json\/wp\/v2\/pages"}],"about":[{"href":"https:\/\/www.controln.ro\/asociatia-culturala\/wp-json\/wp\/v2\/types\/page"}],"author":[{"embeddable":true,"href":"https:\/\/www.controln.ro\/asociatia-culturala\/wp-json\/wp\/v2\/users\/2"}],"replies":[{"embeddable":true,"href":"https:\/\/www.controln.ro\/asociatia-culturala\/wp-json\/wp\/v2\/comments?post=1245"}],"version-history":[{"count":13,"href":"https:\/\/www.controln.ro\/asociatia-culturala\/wp-json\/wp\/v2\/pages\/1245\/revisions"}],"predecessor-version":[{"id":1819,"href":"https:\/\/www.controln.ro\/asociatia-culturala\/wp-json\/wp\/v2\/pages\/1245\/revisions\/1819"}],"up":[{"embeddable":true,"href":"https:\/\/www.controln.ro\/asociatia-culturala\/wp-json\/wp\/v2\/pages\/279"}],"wp:attachment":[{"href":"https:\/\/www.controln.ro\/asociatia-culturala\/wp-json\/wp\/v2\/media?parent=1245"}],"curies":[{"name":"wp","href":"https:\/\/api.w.org\/{rel}","templated":true}]}}