{"id":1464,"date":"2016-07-20T14:20:24","date_gmt":"2016-07-20T14:20:24","guid":{"rendered":"http:\/\/www.controln.ro\/asociatia-culturala\/?page_id=1464"},"modified":"2016-07-28T13:59:49","modified_gmt":"2016-07-28T13:59:49","slug":"conferinta-cum-de-ce-si-pentru-cine-mai-scriem-despre-filme","status":"publish","type":"page","link":"https:\/\/www.controln.ro\/asociatia-culturala\/seminarii\/conferinta-cum-de-ce-si-pentru-cine-mai-scriem-despre-filme\/","title":{"rendered":"conferinta &#8220;Cum, de ce \u0219i pentru cine mai scriem despre filme?&#8221;"},"content":{"rendered":"<div class=\"margini\">\n<div class=\"verde\">\n<strong>Conferin\u021b\u0103 CUM, DE CE \u0218I PENTRU CINE MAI SCRIEM DESPRE FILME?<\/strong><\/p>\n<p><strong><a href=\"http:\/\/www.controln.ro\/asociatia-culturala\/wp-content\/uploads\/2015\/10\/FDCAB-600x379.jpg\"><img decoding=\"async\" class=\"alignright  wp-image-1368\" alt=\"FDCAB 600x379\" src=\"http:\/\/www.controln.ro\/asociatia-culturala\/wp-content\/uploads\/2015\/10\/FDCAB-600x379.jpg\" width=\"360\" height=\"227\" srcset=\"https:\/\/www.controln.ro\/asociatia-culturala\/wp-content\/uploads\/2015\/10\/FDCAB-600x379.jpg 600w, https:\/\/www.controln.ro\/asociatia-culturala\/wp-content\/uploads\/2015\/10\/FDCAB-600x379-300x189.jpg 300w, https:\/\/www.controln.ro\/asociatia-culturala\/wp-content\/uploads\/2015\/10\/FDCAB-600x379-320x202.jpg 320w\" sizes=\"(max-width: 360px) 100vw, 360px\" \/><\/a><\/strong><\/p>\n<p>Conferin\u021ba <strong>Cum, de ce \u0219i pentru cine mai scriem despre filme?<\/strong> este organizat\u0103 de festivalul <strong>Les Films de Cannes \u00e0 Bucarest<\/strong>, \u00een parteneriat cu <strong>Asocia\u021bia Cultural\u0103 Control N<\/strong>, \u0219i face parte din seria de evenimente speciale organizate sub umbrela <strong>Les Films de Cannes \u00e0 Bucarest \u2013 \u00een dezbatere<\/strong>. Este locul unde se vor reuni critici de film renumi\u021bi, distribuitori \u0219i ata\u0219a\u021bi de pres\u0103 str\u0103ini pentru a dezbate rolul filmului ca produs cultural \u0219i mecanismele din spatele distribu\u021biei de film.<\/p>\n<p>Conferin\u021ba <strong>Cum, de ce \u0219i pentru cine mai scriem despre filme?<\/strong> are loc \u00een cadrul festivalul <strong>Les Films de Cannes \u00e0 Bucarest<\/strong>, <strong>duminic\u0103, 25 octombrie<\/strong>, la <strong>Cinema Elvire Popesco<\/strong>. Timp de o zi, prin interven\u021bii individuale \u0219i dezbateri se va discuta, printre altele, despre rolul criticii de film ast\u0103zi \u0219i felul \u00een care s-a transformat meseria \u00een epoca Internetului, c\u00e2nd scrisul s-a democratizat \u0219i oricine poate publica; despre cum comunici \u0219i vinzi un film independent, \u00een a\u0219a fel \u00eenc\u00e2t s\u0103-l faci c\u00e2t mai atractiv \u00een ochii publicului, f\u0103r\u0103 a-i crea false a\u0219tept\u0103ri; despre cum construie\u0219ti o strategie de promovare eficient\u0103 \u0219i cum po\u021bi angrena c\u00e2t mai eficient mass-media; despre ce \u0219anse are un film independent f\u0103r\u0103 festivaluri; dar \u0219i despre tendin\u021be \u00een cinema-ul actual.<\/p>\n<p>Printre invita\u021bii conferin\u021bei, care vor dezbate topicurile de discu\u021bie \u0219i \u00ee\u0219i vor prezenta punctele de vedere, se afl\u0103 \u0219i <strong>Pascal M\u00e9rigeau<\/strong> \u0219i <strong>Magali Montet<\/strong>. Pascal M\u00e9rigeau este un cunoscut jurnalist \u0219i critic de cinema francez. Acesta a publicat constant \u00een Les Nouvelles litt\u00e9raires, Le Point, Le Monde \u0219i Nouvel Observateur, \u0219i este implicat \u00een selec\u021bia filmelor la Festivalul de la Cannes. Magali Montet este una dintre cele mai cunoscute profesioniste \u00een domeniul rela\u021biilor publice \u00een cinema, ata\u0219at de pres\u0103 francez, a c\u0103rei carier\u0103 cuprinde titluri precum Le gamin au velo (r. Jean-Pierre \u0219i Luc Dardenne), L\u2019Esprit de 45 (r. Ken Loach), Into the Abyss (r. Werner Herzog), Life of Riley (r. Alain Resnais) sau Comoara (r. Corneliu Porumboiu). Filmele pe care Magali Montet le-a reprezentat de-a lungul anilor ca ata\u0219at de pres\u0103 au fost prezentate la importante festivaluri interna\u021bionale, printre care Cannes, Berlin sau Vene\u021bia.<\/p>\n<p>Conferin\u021ba se adreseaz\u0103 ziari\u0219tilor care scriu despre film \u0219i cultur\u0103, tinerilor critici \u0219i bloggeri care scriu despre cinema, studen\u021bilor din facult\u0103\u021bile de profil \u0219i nu numai, celor care lucreaz\u0103 \u00een domeniul filmului \u0219i sunt interesa\u021bi de meseriile din industrie, dar \u0219i cinefililor \u0219i pasiona\u021bilor de film care vor s\u0103 ia parte la o discu\u021bie ampl\u0103 despre noi tendin\u021be \u00een cinema-ul actual. Intrarea este liber\u0103.<\/p>\n<p>Conferin\u021ba <strong>Cum, de ce \u0219i pentru cine mai scriem despre filme?<\/strong> va avea dou\u0103 p\u0103r\u021bi:<\/p>\n<p>1. 11.00 \u2013 13.00 &#8211; <strong>Cine mai are nevoie de critici \u00een epoca www? Cum s-a transformat scrisul despre cinema \u00een acest context? <\/strong><\/p>\n<p>Prin interven\u021bii individuale de 15 minute, urmate de sesiuni de \u00eentreb\u0103ri \u0219i r\u0103spunsuri \u0219i o dezbatare vom \u00eencerca s\u0103 r\u0103spundem \u00eempreun\u0103 la \u00eentreb\u0103rile: Cine mai are nevoie de critici \u00een epoca www? Cum s-a transformat scrisul despre cinema \u00een acest context? Care sunt tendin\u021bele actuale \u00een critica de film din \u00eentreaga lume \u0219i ce specifict\u0103\u021bi are fiecare industrie de film \u00een parte c\u00e2nd vine vorba despre cei care scriu despre cinema? Incotro prive\u0219te cinematograful; cum, de ce \u0219i pentru cine mai scriem despre filme?<\/p>\n<p>2. 13.30 \u2013 15.30 \u2013 <strong>Dezbatere: Cum vinzi filmele? \u0218i mai ales cui?<\/strong><\/p>\n<p>\u00cen a doua parte a conferin\u021bei se va discuta aplicat despre o serie de meserii \u00een cinema. Va fi pus \u00een discu\u021bie rolul ata\u0219atului de pres\u0103. Se vor pune \u00eentreb\u0103rile: care este rolul lui \u00een timpul festivalurilor \u015fi \u00een distribu\u0163ia filmului; cum convingi jurnali\u0219tii s\u0103 scrie despre filmul t\u0103u, cum gestionezi \u00eent\u00e2lnirile cu presa \u0219i situa\u021biile \u00een care filmul e primit cu cronici defavorabile? De asemenea, se va pune un focus \u00een discu\u021bie despre rolul distribuitorului: ce anume trebuie s\u0103 iei \u00een considerare \u00een strategia de promovare a unui film; exemple de campanii eficiente \u0219i campanii e\u0219uate \u0219i metode testate.<\/p>\n<p>Nu \u00een ulrimul r\u00e2nd se va discuta \u0219i despre rolul criticului de film \u00een campaniile de promovare. Se va discuta despre cronica de \u00eent\u00e2mpinare vs. cronica elaborat\u0103; despre cum scrii despre filmele care nu-\u021bi plac; despre cum scrii despre cinea\u0219tii-prieteni; despre dinamica rela\u021biei critic-ata\u0219at de pres\u0103\/ publicist; dar \u0219i despre moduri de abordare ale unei cronici \u00een func\u021bie de publicul target.<\/p>\n<p><em>Conferin\u021ba <strong>Cum, de ce \u0219i pentru cine mai scriem despre filme?<\/strong> este un proiect realizat cu sprijinul Centrului Na\u021bional al Cinematografiei. Este un eveniment sus\u021binut de BRD &#8211; Groupe Soci\u00e9t\u00e9 Generale.<\/em>\n<\/div>\n<\/div>\n","protected":false},"excerpt":{"rendered":"<p>Conferin\u021b\u0103 CUM, DE CE \u0218I PENTRU CINE MAI SCRIEM DESPRE FILME? Conferin\u021ba Cum, de ce \u0219i pentru cine mai scriem despre filme? este organizat\u0103 de festivalul Les Films de Cannes \u00e0 Bucarest, \u00een parteneriat cu Asocia\u021bia Cultural\u0103 Control N, \u0219i [&hellip;]<\/p>\n","protected":false},"author":2,"featured_media":0,"parent":1037,"menu_order":0,"comment_status":"closed","ping_status":"closed","template":"side-navigation.php","meta":{"footnotes":""},"class_list":["post-1464","page","type-page","status-publish","hentry"],"jetpack_sharing_enabled":true,"_links":{"self":[{"href":"https:\/\/www.controln.ro\/asociatia-culturala\/wp-json\/wp\/v2\/pages\/1464","targetHints":{"allow":["GET"]}}],"collection":[{"href":"https:\/\/www.controln.ro\/asociatia-culturala\/wp-json\/wp\/v2\/pages"}],"about":[{"href":"https:\/\/www.controln.ro\/asociatia-culturala\/wp-json\/wp\/v2\/types\/page"}],"author":[{"embeddable":true,"href":"https:\/\/www.controln.ro\/asociatia-culturala\/wp-json\/wp\/v2\/users\/2"}],"replies":[{"embeddable":true,"href":"https:\/\/www.controln.ro\/asociatia-culturala\/wp-json\/wp\/v2\/comments?post=1464"}],"version-history":[{"count":5,"href":"https:\/\/www.controln.ro\/asociatia-culturala\/wp-json\/wp\/v2\/pages\/1464\/revisions"}],"predecessor-version":[{"id":1822,"href":"https:\/\/www.controln.ro\/asociatia-culturala\/wp-json\/wp\/v2\/pages\/1464\/revisions\/1822"}],"up":[{"embeddable":true,"href":"https:\/\/www.controln.ro\/asociatia-culturala\/wp-json\/wp\/v2\/pages\/1037"}],"wp:attachment":[{"href":"https:\/\/www.controln.ro\/asociatia-culturala\/wp-json\/wp\/v2\/media?parent=1464"}],"curies":[{"name":"wp","href":"https:\/\/api.w.org\/{rel}","templated":true}]}}